{"id":581,"date":"2012-02-04T01:32:33","date_gmt":"2012-02-04T01:32:33","guid":{"rendered":"http:\/\/www.interrapax.org\/?page_id=581"},"modified":"2015-08-09T13:43:16","modified_gmt":"2015-08-09T13:43:16","slug":"jean-baptiste-bertrand","status":"publish","type":"page","link":"http:\/\/www.interrapax.org\/fr\/retrospective\/chefs-de-choeur\/jean-baptiste-bertrand\/","title":{"rendered":"Jean Baptiste Bertrand"},"content":{"rendered":"<p><b>Jean-Baptiste BERTRAND : DIRECTEUR ARTISTIQUE DE 2011 \u00e0 2013<\/b><\/p>\n<p>Chef de ch\u0153ur et Professeur d\u2019enseignement artistique territorial de chant choral (Minist\u00e8re de la culture) du Conservatoire National de St Etienne pendant 7 ans, puis \u00e0 la ma\u00eetrise du Conseil g\u00e9n\u00e9ral de la Loire, Jean-Baptiste BERTRAND a \u00e9t\u00e9 l&rsquo;\u00e9l\u00e8ve de Daniel KAWKA, Philippe CAILLARD et Fran\u00e7ois LUSIGNANT. Il approfondit sa recherche dans le domaine du ch\u0153ur aupr\u00e8s du ma\u00eetre \u00c9ric ERICSON (Conservatoire sup\u00e9rieur de Stockholm, Ch\u0153ur de la Radio Nationale Su\u00e9doise). Au cours de nombreux voyages en Pologne, il poursuit sa formation aupr\u00e8s du Ma\u00eetre Jan SZYROCKI.<br \/>\n<b><span style=\"text-decoration: underline;\">Chef de ch\u0153ur et directeur musical :<\/span><\/b><\/p>\n<p><b> <\/b>&#8211;  <b>Ao\u00fbt 2012 et 2013<\/b> : Jur\u00e9 et repr\u00e9sentant fran\u00e7ais au Symposium et Festival International de chant choral de Bali. Il est aussi invit\u00e9 par le professeur Andr\u00e9 DE QUADROS \u00e0 y diriger un atelier de chant choral avec des ch\u0153urs du monde entier.<\/p>\n<p>&#8211;  <b>Septembre 2011<\/b> : Directeur de la Maitrise du Conseil G\u00e9n\u00e9ral de la Loire<\/p>\n<p>&#8211; <b>Juillet 2010<\/b> : nomm\u00e9 Directeur Musical de <b>l\u2019Acad\u00e9mie Internationale de chant choral \u00ab In terra Pax \u00bb <\/b>pour laquelle<b> <\/b>il travaille depuis 2002 en tant que chef invit\u00e9 aux c\u00f4t\u00e9s de Benedykt Blonsky (Pl.), Werner Pfaff (All.), Richard Zielinsky (Usa). <b><span style=\"text-decoration: underline;\">Miedzyzdroje \u2013 Pologne<\/span><\/b><\/p>\n<p>&#8211; <b>Juillet 2010 :<\/b> repr\u00e9sentant de la France dans le cadre du<b> \u00ab World Choir Council &#8211;<\/b> World Choir Game \u00bb <b><span style=\"text-decoration: underline;\">Shanghai \u2013 Chine<\/span><\/b><\/p>\n<p>&#8211; Il a \u00e9galement \u00e9t\u00e9 <b>Directeur Musical<\/b> du Ch\u0153ur Universitaire de St Etienne de 1996 \u00e0 2011. Il dirige aussi l\u2019Acad\u00e9mie des jeunes chanteurs du festival des \u00ab Voix de L\u2019Aures \u00bb en Normandie depuis 2009.<\/p>\n<p>&#8211; <b>Les  Festivals Internationaux<\/b> de Pozna\u0144 \u00ab Universitas cantat \u00bb, \u00ab de Miedzyzdroje \u00bb, mais aussi, plus localement, le festival de \u00ab l\u2019\u00c9t\u00e9 musical de la Loire \u00bb l\u2019ont invit\u00e9 \u00e0 diriger.<\/p>\n<p><b><span style=\"text-decoration: underline;\">Formateur et enseignant :<\/span><\/b><\/p>\n<p>\u00ad         Il a enseign\u00e9 le chant choral et la direction de ch\u0153ur au <b>Conservatoire National de R\u00e9gion de St-Etienne<\/b> pendant sept ans. Il est ensuite invit\u00e9 par Jacques BERTHELON \u00e0 prendre la fonction de chef de ch\u0153ur \u00e0 <b>la Ma\u00eetrise du Conseil G\u00e9n\u00e9ral de la Loire, <\/b>et depuis Septembre 2011 il en est le directeur.<\/p>\n<p>En tant que formateur, Jean Baptiste Bertrand a \u00e9t\u00e9 invit\u00e9 \u00e0 enseigner la direction de ch\u0153ur pour de nombreuses institutions culturelles r\u00e9gionales. Il a dirig\u00e9 ou pr\u00e9par\u00e9 de nombreux ouvrages du R\u00e9pertoire pour ch\u0153ur et\/ou orchestre (Op\u00e9ra de St-Etienne, Op\u00e9ra de Lyon, Orchestre de chambre Lyonnais, Orchestre des jeunes de Normandie, Orchestre du CNR de St Etienne, de Villeurbanne et de Caen, orchestre Musica).<\/p>\n<p>&nbsp;<\/p>\n","protected":false},"excerpt":{"rendered":"<p>Jean-Baptiste BERTRAND : DIRECTEUR ARTISTIQUE DE 2011 \u00e0 2013 Chef de ch\u0153ur et Professeur d\u2019enseignement artistique territorial de chant choral (Minist\u00e8re de la culture) du Conservatoire National de St Etienne pendant 7 ans, puis \u00e0 la ma\u00eetrise du Conseil g\u00e9n\u00e9ral &hellip; <a href=\"http:\/\/www.interrapax.org\/fr\/retrospective\/chefs-de-choeur\/jean-baptiste-bertrand\/\">Continue reading <span class=\"meta-nav\">&rarr;<\/span><\/a><\/p>\n","protected":false},"author":2,"featured_media":0,"parent":568,"menu_order":0,"comment_status":"closed","ping_status":"open","template":"","meta":{"footnotes":""},"class_list":["post-581","page","type-page","status-publish","hentry"],"_links":{"self":[{"href":"http:\/\/www.interrapax.org\/fr\/wp-json\/wp\/v2\/pages\/581","targetHints":{"allow":["GET"]}}],"collection":[{"href":"http:\/\/www.interrapax.org\/fr\/wp-json\/wp\/v2\/pages"}],"about":[{"href":"http:\/\/www.interrapax.org\/fr\/wp-json\/wp\/v2\/types\/page"}],"author":[{"embeddable":true,"href":"http:\/\/www.interrapax.org\/fr\/wp-json\/wp\/v2\/users\/2"}],"replies":[{"embeddable":true,"href":"http:\/\/www.interrapax.org\/fr\/wp-json\/wp\/v2\/comments?post=581"}],"version-history":[{"count":9,"href":"http:\/\/www.interrapax.org\/fr\/wp-json\/wp\/v2\/pages\/581\/revisions"}],"predecessor-version":[{"id":1648,"href":"http:\/\/www.interrapax.org\/fr\/wp-json\/wp\/v2\/pages\/581\/revisions\/1648"}],"up":[{"embeddable":true,"href":"http:\/\/www.interrapax.org\/fr\/wp-json\/wp\/v2\/pages\/568"}],"wp:attachment":[{"href":"http:\/\/www.interrapax.org\/fr\/wp-json\/wp\/v2\/media?parent=581"}],"curies":[{"name":"wp","href":"https:\/\/api.w.org\/{rel}","templated":true}]}}