{"id":577,"date":"2012-02-04T01:31:44","date_gmt":"2012-02-04T01:31:44","guid":{"rendered":"http:\/\/www.interrapax.org\/?page_id=577"},"modified":"2012-02-04T01:31:44","modified_gmt":"2012-02-04T01:31:44","slug":"volker-schmidt-gertenbach","status":"publish","type":"page","link":"http:\/\/www.interrapax.org\/fr\/retrospective\/chefs-de-choeur\/volker-schmidt-gertenbach\/","title":{"rendered":"Volker Schmidt-Gertenbach"},"content":{"rendered":"<p>Volker Schmidt-Gertenbach a dirig\u00e9 l\u2019Orchestre Symphonique de G\u00f6ttingen entre 1974 et 1989, et parall\u00e8lement, de 1981 \u00e0 1984, il a travaill\u00e9 comme chef permanent de l\u2019Orchestre Symphonique de la Radio \u00e0 Stavanger (Norv\u00e8ge). Par ailleurs, Il travaille partout dans le monde en tant que chef d&rsquo;orchestre invit\u00e9.<\/p>\n<p>Parmi les artistes avec lesquels Volker Schmidt-Gertenbach a travaill\u00e9 plusieurs fois voire r\u00e9guli\u00e8rement, on compte Wilhelm Kempff, Claudio Arrau, Alfred Brendel, Martha Argerich, Mstislav Rostropovitch, Heinrich Schiff et Frank Peter Zimmermann.<\/p>\n<p>Il se sent \u00e9troitement li\u00e9 \u00e0 quelques orchestres c\u00e9l\u00e8bres \u2013 tels que la \u00ab\u00a0Sinfonia Varsovia\u00a0\u00bb, l\u2019 \u00ab\u00a0Orchestre de Chambre Polonais\u00a0\u00bb et la \u00ab\u00a0Cappella Istropolitana\u00a0\u00bb &#8211; ayant fait plusieurs tourn\u00e9es avec ces ensembles en Allemagne, en Italie, aux Etats-Unis, en Espagne et au Japon.<\/p>\n<p>Volker Schmidt-Gertenbach a non seulement donn\u00e9 des repr\u00e9sentations dans de nombreuses villes (Vienne, Berlin, Rome, ou encore Chicago et Washington) mais il a aussi particip\u00e9 \u00e0 des festivals, tels que le Festival de la Musique de Schleswig-Holstein, le \u00ab\u00a0Eastern Music Festival\u00a0\u00bb (Etats-Unis), le \u00ab\u00a0Festival d\u2019\u00c9t\u00e9 de Menton\u00a0\u00bb (France), le Festival de la Musique du Rheingau et le Festival de Musique de Mecklembourg-Pom\u00e9ranie occidentale.<\/p>\n<p>Chef d\u2019orchestre invit\u00e9 dans de nombreux pays d\u2019Europe, il a travaill\u00e9 en Egypte, en Isra\u00ebl, en Cor\u00e9e, au Japon, en Afrique du Sud, au Mexique et aux Etats-Unis.<\/p>\n<p>Il a enregistr\u00e9 plus de 100 \u0153uvres pour de multiples stations de radiodiffusion et donn\u00e9 plusieurs repr\u00e9sentations \u00e0 la t\u00e9l\u00e9vision. Volker Schmidt-Gertenbach s\u2019est fait un nom sur le march\u00e9 du disque.<\/p>\n<p>En 1998, 2001 et 2002 Volker Schmidt-Gertenbach a \u00e9t\u00e9 chef de ch\u0153ur \u00e0 l\u2019Acad\u00e9mie germano-polonaise de chant choral \u00ab\u00a0in terra pax\u00a0\u00bb. <\/p>\n","protected":false},"excerpt":{"rendered":"<p>Volker Schmidt-Gertenbach a dirig\u00e9 l\u2019Orchestre Symphonique de G\u00f6ttingen entre 1974 et 1989, et parall\u00e8lement, de 1981 \u00e0 1984, il a travaill\u00e9 comme chef permanent de l\u2019Orchestre Symphonique de la Radio \u00e0 Stavanger (Norv\u00e8ge). Par ailleurs, Il travaille partout dans le &hellip; <a href=\"http:\/\/www.interrapax.org\/fr\/retrospective\/chefs-de-choeur\/volker-schmidt-gertenbach\/\">Continue reading <span class=\"meta-nav\">&rarr;<\/span><\/a><\/p>\n","protected":false},"author":2,"featured_media":0,"parent":568,"menu_order":0,"comment_status":"closed","ping_status":"open","template":"","meta":{"footnotes":""},"class_list":["post-577","page","type-page","status-publish","hentry"],"_links":{"self":[{"href":"http:\/\/www.interrapax.org\/fr\/wp-json\/wp\/v2\/pages\/577","targetHints":{"allow":["GET"]}}],"collection":[{"href":"http:\/\/www.interrapax.org\/fr\/wp-json\/wp\/v2\/pages"}],"about":[{"href":"http:\/\/www.interrapax.org\/fr\/wp-json\/wp\/v2\/types\/page"}],"author":[{"embeddable":true,"href":"http:\/\/www.interrapax.org\/fr\/wp-json\/wp\/v2\/users\/2"}],"replies":[{"embeddable":true,"href":"http:\/\/www.interrapax.org\/fr\/wp-json\/wp\/v2\/comments?post=577"}],"version-history":[{"count":1,"href":"http:\/\/www.interrapax.org\/fr\/wp-json\/wp\/v2\/pages\/577\/revisions"}],"predecessor-version":[{"id":578,"href":"http:\/\/www.interrapax.org\/fr\/wp-json\/wp\/v2\/pages\/577\/revisions\/578"}],"up":[{"embeddable":true,"href":"http:\/\/www.interrapax.org\/fr\/wp-json\/wp\/v2\/pages\/568"}],"wp:attachment":[{"href":"http:\/\/www.interrapax.org\/fr\/wp-json\/wp\/v2\/media?parent=577"}],"curies":[{"name":"wp","href":"https:\/\/api.w.org\/{rel}","templated":true}]}}