{"id":386,"date":"2011-07-24T20:20:30","date_gmt":"2011-07-24T20:20:30","guid":{"rendered":"http:\/\/www.interrapax.org\/?page_id=386"},"modified":"2020-06-11T09:17:23","modified_gmt":"2020-06-11T09:17:23","slug":"soutien","status":"publish","type":"page","link":"http:\/\/www.interrapax.org\/fr\/kontakt\/soutien\/","title":{"rendered":"Soutien"},"content":{"rendered":"<h2>Besoins financiers<\/h2>\n<p>Apr\u00e8s la chute du rideau de fer, l\u2019Acad\u00e9mie de chant choral Germano-Polonaise \u00ab In Terra Pax \u00bb a contribu\u00e9 \u00e0 surmonter la division de l\u2019Europe. Par ce projet, plus de 1000 jeunes Polonais et Allemands puis d\u2019autres pays se sont rencontr\u00e9s et ont tiss\u00e9 des liens durables par le partage de leurs diff\u00e9rences culturelles. Encourag\u00e9 de notre succ\u00e8s, nous avons \u00e9largi nos efforts.<\/p>\n<p>Cependant, ann\u00e9e apr\u00e8s ann\u00e9e l\u2019aide financi\u00e8re de la Fondation de coop\u00e9ration Germano-Polonaise, qui nous a financ\u00e9s d\u00e8s le d\u00e9but, a \u00e9t\u00e9 r\u00e9duite progressivement depuis 1998 et a compl\u00e8tement cess\u00e9 depuis 2009. Pour pallier \u00e0 ce manque de financement, nous avons augment\u00e9 les frais pour les participants. Mais maintenant nous avons atteint la limite de ce que nous pouvons raisonnablement demander \u00e0 nos participants en tenant compte du niveau de vie polonais fran\u00e7ais ou allemand (par exemple 60 \u20ac en Pologne correspondent \u00e0 350 \u20ac en France ou en Allemagne).<\/p>\n<table border=\"0\" width=\"488\" cellspacing=\"0\" cellpadding=\"0\">\n<tbody>\n<tr>\n<td valign=\"top\" width=\"652\"><br clear=\"all\" \/><strong>L\u2019enjeu p\u00e9dagogique et culturel<\/strong><\/td>\n<\/tr>\n<\/tbody>\n<\/table>\n<p>L\u2019Acad\u00e9mie de chant choral In Terra Pax repr\u00e9sente un int\u00e9r\u00eat p\u00e9dagogique et culturel pour les chanteurs.<\/p>\n<p><strong>L\u2019INTERET PEDAGOGIQUE<\/strong><\/p>\n<p>Pour les chanteurs amateurs, l\u2019enjeu p\u00e9dagogique r\u00e9side dans la nouveaut\u00e9. Celle de se m\u00e9langer avec des chanteurs d\u2019autres horizons musicaux avec des apprentissages diff\u00e9rents. Ainsi cette nouveaut\u00e9 permet un \u00e9change musical riche qui demande aux chanteurs une capacit\u00e9 d\u2019adaptation mais qui leur permet de s\u2019ouvrir aux autres gr\u00e2ce \u00e0 la musique.<\/p>\n<p>Pour les chanteurs en cours de professionnalisation, l\u2019Acad\u00e9mie pourrait repr\u00e9senter un passage incontestable dans la mesure o\u00f9 la rencontre avec de jeunes chefs de ch\u0153ur \u00e9trangers, permet un \u00e9change professionnel sans pr\u00e9c\u00e9dent. C\u2019est en effet l\u2019occasion de d\u00e9couvrir sur le terrain, les diff\u00e9rentes cultures musicales apprises dans les livres. Et quoi de mieux qu\u2019une exp\u00e9rience grandeur nature pour se nourrir encore plus de nouvelles connaissances ?<\/p>\n<p><strong>L\u2019INTERET CULTUREL<\/strong><\/p>\n<p>De par son histoire, l\u2019Acad\u00e9mie In Terra Pax apporte aux participants un \u00e9change culturel unique. Chaque chanteur emm\u00e8ne avec lui sa culture personnelle et celle du pays qu\u2019il repr\u00e9sente. Ainsi les chanteurs en plus d\u2019apprendre \u00e0 se connaitre, \u00e9changent sur leur histoire et leur culture. Ce ph\u00e9nom\u00e8ne de coh\u00e9sion sociale permet une sensibilisation pour chacun sur les modes de vie, l\u2019histoire, la musique\u2026 C\u2019est pour cette raison que l\u2019Acad\u00e9mie repr\u00e9sente une chance \u00e9norme pour les jeunes europ\u00e9ens car elle refl\u00e8te l\u2019image culturelle Europ\u00e9enne.<\/p>\n<p>Par exemple l\u2019Ann\u00e9e derni\u00e8re, l\u2019Acad\u00e9mie \u00e9tait invit\u00e9e \u00e0 se produire aux championnats du monde des ch\u0153urs \u00e0 GRAZ (Juillet 2011). Cela fut l\u2019occasion de rencontrer des ch\u0153urs issus de 80 pays diff\u00e9rents.<\/p>\n<p>D&rsquo;o\u00f9 notre appel: Nous avons besoin de votre aide soit par sponsor soit par m\u00e9cenat.<\/p>\n<p>En France et en Allemagne nous avons cr\u00e9e une organisation sans but lucratif. Vos dons sont d\u00e9ductibles d&rsquo;imp\u00f4t l\u00e0-bas et vous recevrez un re\u00e7u de don.<\/p>\n<p>Faites une contribution pour nous soutenir!<br \/>\nNous vous remercions beaucoup en nom de tous nos membres.<\/p>\n","protected":false},"excerpt":{"rendered":"<p>Besoins financiers Apr\u00e8s la chute du rideau de fer, l\u2019Acad\u00e9mie de chant choral Germano-Polonaise \u00ab In Terra Pax \u00bb a contribu\u00e9 \u00e0 surmonter la division de l\u2019Europe. Par ce projet, plus de 1000 jeunes Polonais et Allemands puis d\u2019autres pays &hellip; <a href=\"http:\/\/www.interrapax.org\/fr\/kontakt\/soutien\/\">Continue reading <span class=\"meta-nav\">&rarr;<\/span><\/a><\/p>\n","protected":false},"author":13,"featured_media":0,"parent":343,"menu_order":0,"comment_status":"closed","ping_status":"closed","template":"","meta":{"footnotes":""},"class_list":["post-386","page","type-page","status-publish","hentry"],"_links":{"self":[{"href":"http:\/\/www.interrapax.org\/fr\/wp-json\/wp\/v2\/pages\/386","targetHints":{"allow":["GET"]}}],"collection":[{"href":"http:\/\/www.interrapax.org\/fr\/wp-json\/wp\/v2\/pages"}],"about":[{"href":"http:\/\/www.interrapax.org\/fr\/wp-json\/wp\/v2\/types\/page"}],"author":[{"embeddable":true,"href":"http:\/\/www.interrapax.org\/fr\/wp-json\/wp\/v2\/users\/13"}],"replies":[{"embeddable":true,"href":"http:\/\/www.interrapax.org\/fr\/wp-json\/wp\/v2\/comments?post=386"}],"version-history":[{"count":6,"href":"http:\/\/www.interrapax.org\/fr\/wp-json\/wp\/v2\/pages\/386\/revisions"}],"predecessor-version":[{"id":2427,"href":"http:\/\/www.interrapax.org\/fr\/wp-json\/wp\/v2\/pages\/386\/revisions\/2427"}],"up":[{"embeddable":true,"href":"http:\/\/www.interrapax.org\/fr\/wp-json\/wp\/v2\/pages\/343"}],"wp:attachment":[{"href":"http:\/\/www.interrapax.org\/fr\/wp-json\/wp\/v2\/media?parent=386"}],"curies":[{"name":"wp","href":"https:\/\/api.w.org\/{rel}","templated":true}]}}