{"id":85,"date":"2011-07-18T19:09:35","date_gmt":"2011-07-18T19:09:35","guid":{"rendered":"http:\/\/www.interrapax.org\/?page_id=85"},"modified":"2017-05-13T19:26:50","modified_gmt":"2017-05-13T19:26:50","slug":"forderverein","status":"publish","type":"page","link":"http:\/\/www.interrapax.org\/de\/contact\/forderverein\/","title":{"rendered":"F\u00f6rderverein"},"content":{"rendered":"<h1>F\u00f6rderverein f\u00fcr Chormusik &#8222;in terra pax&#8220; e.V.<\/h1>\n<p>Der F\u00f6rderverein f\u00fcr Chormusik &#8222;in terra pax&#8220; e.V. wurde am 25. Januar 1997 in Steinheim\/Westf. als F\u00f6rderverein des Chores der Deutsch-Polnischen Chorakademie \u201cin terra pax\u201d e.V.\u00a0gegr\u00fcndet.<\/p>\n<p>Der F\u00f6rderverein hat sich zum Ziel gesetzt, die V\u00f6lkerverst\u00e4ndigung in Europa und aller Welt durch internationale Chorprojekte in Zusammenarbeit mit Partnern anderer L\u00e4nder zu f\u00f6rdern. Der Verein betreut teilnehmende S\u00e4ngerinnen und S\u00e4nger aus Deutschland, organisiert Probenphasen und Konzerte und sucht nach Sponsoren und Partnern, um gr\u00f6\u00dfere Projekte \u00fcberhaupt erst m\u00f6glich zu machen.<\/p>\n<p>Die Ziele des F\u00f6rdervereins werden realisiert durch den Vorstand. Die Vorstandsmitglieder werden f\u00fcr jeweils zwei Jahre gew\u00e4hlt. Ein gro\u00dfer Teil der Arbeit von Gr\u00fcndung des Vereins bis 2010 wurde von Frau Ma\u0142gorzata Jakubowska-Galle als erster Vorsitzenden getragen, die Ende 2010 nach \u00fcber 20 Jahren Einsatz f\u00fcr den Verein ihre aktive Arbeit als Vorsitzende beendet hat.<\/p>\n<p>Im\u00a0November\u00a02010 wurde ein komplett neuer Vorstand gew\u00e4hlt und der Verein verlegte seinen Sitz zum Wohnort der neuen Vorstandsmitglieder nach Stuttgart. Im Jahr 2014 wurde mit einer Satzungs\u00e4nderung der Name des Vereins ge\u00e4ndert auf seinen heutigen Namen\u00a0F\u00f6rderverein f\u00fcr Chormusik &#8222;in terra pax&#8220; e.V.<\/p>\n<p>Aktuelle Vorstandsmitglieder (zuletzt best\u00e4tigt im November 2016):<br \/>\nHolger Rode<br \/>\nDirk Coehne<br \/>\nWiltrud Kessler<br \/>\nOliver Strauss<\/p>\n<p>Mitglied im F\u00f6rderverein kann jede Privatperson und jede Institution durch Antragstellung werden. Der Mitgliedsbeitrag betr\u00e4gt 30,- \u20ac pro Jahr. Sch\u00fcler, Studenten und Auszubildende zahlen die H\u00e4lfte.<\/p>\n<p>Unser F\u00f6rdervereinskonto:<br \/>\nIBAN: DE84611500200101760256<br \/>\nBIC: ESSLDE66XXX<\/p>\n","protected":false},"excerpt":{"rendered":"<p>F\u00f6rderverein f\u00fcr Chormusik &#8222;in terra pax&#8220; e.V. Der F\u00f6rderverein f\u00fcr Chormusik &#8222;in terra pax&#8220; e.V. wurde am 25. Januar 1997 in Steinheim\/Westf. als F\u00f6rderverein des Chores der Deutsch-Polnischen Chorakademie \u201cin terra pax\u201d e.V.\u00a0gegr\u00fcndet. Der F\u00f6rderverein hat sich zum Ziel gesetzt, &hellip; <a href=\"http:\/\/www.interrapax.org\/de\/contact\/forderverein\/\">Continue reading <span class=\"meta-nav\">&rarr;<\/span><\/a><\/p>\n","protected":false},"author":13,"featured_media":0,"parent":8,"menu_order":0,"comment_status":"closed","ping_status":"closed","template":"","meta":{"footnotes":""},"class_list":["post-85","page","type-page","status-publish","hentry"],"_links":{"self":[{"href":"http:\/\/www.interrapax.org\/de\/wp-json\/wp\/v2\/pages\/85","targetHints":{"allow":["GET"]}}],"collection":[{"href":"http:\/\/www.interrapax.org\/de\/wp-json\/wp\/v2\/pages"}],"about":[{"href":"http:\/\/www.interrapax.org\/de\/wp-json\/wp\/v2\/types\/page"}],"author":[{"embeddable":true,"href":"http:\/\/www.interrapax.org\/de\/wp-json\/wp\/v2\/users\/13"}],"replies":[{"embeddable":true,"href":"http:\/\/www.interrapax.org\/de\/wp-json\/wp\/v2\/comments?post=85"}],"version-history":[{"count":22,"href":"http:\/\/www.interrapax.org\/de\/wp-json\/wp\/v2\/pages\/85\/revisions"}],"predecessor-version":[{"id":1917,"href":"http:\/\/www.interrapax.org\/de\/wp-json\/wp\/v2\/pages\/85\/revisions\/1917"}],"up":[{"embeddable":true,"href":"http:\/\/www.interrapax.org\/de\/wp-json\/wp\/v2\/pages\/8"}],"wp:attachment":[{"href":"http:\/\/www.interrapax.org\/de\/wp-json\/wp\/v2\/media?parent=85"}],"curies":[{"name":"wp","href":"https:\/\/api.w.org\/{rel}","templated":true}]}}