{"id":2291,"date":"2019-01-29T12:31:26","date_gmt":"2019-01-29T12:31:26","guid":{"rendered":"http:\/\/www.interrapax.org\/?page_id=2291"},"modified":"2019-03-11T20:28:58","modified_gmt":"2019-03-11T20:28:58","slug":"christiane-buettig","status":"publish","type":"page","link":"http:\/\/www.interrapax.org\/de\/ruckblick\/dirigenten-2\/christiane-buettig\/","title":{"rendered":"Christiane B\u00fcttig"},"content":{"rendered":"<h1>Christiane B\u00fcttig<\/h1>\n<p><img loading=\"lazy\" decoding=\"async\" class=\"size-medium wp-image-2325 alignleft\" src=\"http:\/\/www.interrapax.org\/wp-content\/uploads\/Christiane_Buettig-200x300.jpg\" alt=\"\" width=\"200\" height=\"300\" srcset=\"http:\/\/www.interrapax.org\/wp-content\/uploads\/Christiane_Buettig-200x300.jpg 200w, http:\/\/www.interrapax.org\/wp-content\/uploads\/Christiane_Buettig-768x1154.jpg 768w, http:\/\/www.interrapax.org\/wp-content\/uploads\/Christiane_Buettig-682x1024.jpg 682w, http:\/\/www.interrapax.org\/wp-content\/uploads\/Christiane_Buettig.jpg 852w\" sizes=\"auto, (max-width: 200px) 100vw, 200px\" \/>Christiane B\u00fcttig studierte Schulmusik an der Hochschule f\u00fcr Musik und Theater Rostock, Sportwissenschaften an den Universit\u00e4ten Rostock und Greifswald sowie Chor- und Orchesterdirigieren bei Hans-Christoph Rademann und Ekkehard Klemm an der Hochschule f\u00fcr Musik Carl Maria von Weber Dresden. Diese Ausbildung erg\u00e4nzte sie durch eine Internationale Meisterklasse beim Rundfunkchor Berlin unter Simon Halsey.<\/p>\n<p>Bereits w\u00e4hrend ihres Studiums leitete Christiane B\u00fcttig zahlreiche chorsinfonische Auff\u00fchrungen und Orchesterkonzerte und war Mitglied verschiedener Ch\u00f6re, u.a. des Dresdner Kammerchores, des Chores der Landesb\u00fchnen Sachsen und des Vocalconsorts Berlin. Seit 2012 ist sie K\u00fcnstlerische Leiterin des Universit\u00e4tschores Dresden und des Kammerchores der Universit\u00e4t Dresden und gr\u00fcndete die Konzertreihe \u00bbRegelIFreiheit\u00ab, die klassische und zeitgen\u00f6ssische Musik in Dialog treten l\u00e4sst. An der Semperoper \u00fcbernahm sie die Choreinstudierungen in Purcells Semiopera \u00bbKing Arthur\u00ab, in Schostakowitschs musikalischer Kom\u00f6die \u00bbMoskau, Tscherjomuschki\u00ab, in der Urauff\u00fchrung von Tsangaris&#8216; \u00bbKarl May, Raum der Wahrheit\u00ab, in Tochs Kinderoper \u00bbDie Prinzessin auf der Erbse\u00ab und ist au\u00dferdem k\u00fcnstlerische Leiterin von ChorALARM. Am Staatsschauspiel Dresden war sie f\u00fcr die Choreinstudierungen \u00bbAntigone\u00ab und \u00bbDer Weltensammler\u00ab verantwortlich. Gastdirigate f\u00fchrten sie nach D\u00e4nemark, Gro\u00dfbritannien, Polen, in die Schweiz, zum franz\u00f6sischen Rundfunkchor nach Paris und zum MSO Chorus nach Melbourne.<\/p>\n<p>Christiane war im Jahr 2017 zum ersten Mal als Dirigentin bei \u00bbin terra pax\u00ab dabei.<\/p>\n","protected":false},"excerpt":{"rendered":"<p>Christiane B\u00fcttig Christiane B\u00fcttig studierte Schulmusik an der Hochschule f\u00fcr Musik und Theater Rostock, Sportwissenschaften an den Universit\u00e4ten Rostock und Greifswald sowie Chor- und Orchesterdirigieren bei Hans-Christoph Rademann und Ekkehard Klemm an der Hochschule f\u00fcr Musik Carl Maria von Weber &hellip; <a href=\"http:\/\/www.interrapax.org\/de\/ruckblick\/dirigenten-2\/christiane-buettig\/\">Continue reading <span class=\"meta-nav\">&rarr;<\/span><\/a><\/p>\n","protected":false},"author":2,"featured_media":0,"parent":174,"menu_order":0,"comment_status":"closed","ping_status":"closed","template":"","meta":{"footnotes":""},"class_list":["post-2291","page","type-page","status-publish","hentry"],"_links":{"self":[{"href":"http:\/\/www.interrapax.org\/de\/wp-json\/wp\/v2\/pages\/2291","targetHints":{"allow":["GET"]}}],"collection":[{"href":"http:\/\/www.interrapax.org\/de\/wp-json\/wp\/v2\/pages"}],"about":[{"href":"http:\/\/www.interrapax.org\/de\/wp-json\/wp\/v2\/types\/page"}],"author":[{"embeddable":true,"href":"http:\/\/www.interrapax.org\/de\/wp-json\/wp\/v2\/users\/2"}],"replies":[{"embeddable":true,"href":"http:\/\/www.interrapax.org\/de\/wp-json\/wp\/v2\/comments?post=2291"}],"version-history":[{"count":3,"href":"http:\/\/www.interrapax.org\/de\/wp-json\/wp\/v2\/pages\/2291\/revisions"}],"predecessor-version":[{"id":2329,"href":"http:\/\/www.interrapax.org\/de\/wp-json\/wp\/v2\/pages\/2291\/revisions\/2329"}],"up":[{"embeddable":true,"href":"http:\/\/www.interrapax.org\/de\/wp-json\/wp\/v2\/pages\/174"}],"wp:attachment":[{"href":"http:\/\/www.interrapax.org\/de\/wp-json\/wp\/v2\/media?parent=2291"}],"curies":[{"name":"wp","href":"https:\/\/api.w.org\/{rel}","templated":true}]}}