{"id":1270,"date":"2013-01-16T21:21:01","date_gmt":"2013-01-16T21:21:01","guid":{"rendered":"http:\/\/www.interrapax.org\/?page_id=1270"},"modified":"2023-04-08T07:46:59","modified_gmt":"2023-04-08T07:46:59","slug":"faq","status":"publish","type":"page","link":"http:\/\/www.interrapax.org\/de\/mitmachen\/faq\/","title":{"rendered":"FAQ"},"content":{"rendered":"<h1>Frequently Asked Questions<\/h1>\n<h2>Wie werde ich Mitglied bei <em>in terra pax<\/em>?<\/h2>\n<p>F\u00fcll einfach das <a title=\"Anmeldung\" href=\"?page_id=269&amp;lang=de\">Anmeldeformular<\/a> aus oder nehmt direkt <a title=\"Kontakt\" href=\"?page_id=8&amp;lang=de\">Kontakt<\/a> zu uns auf.<\/p>\n<h2>Wer sind die anderen Mitglieder?<\/h2>\n<p>Etwa 50 S\u00e4nger*innen aus ganz Europa: Ambitionierte Amateur*innen, Musikstudierende und Profimusiker*innen.<\/p>\n<h2>Wie hoch ist das Niveau?<\/h2>\n<p><em>In terra pax<\/em> zeichnet sich durch ein hohes Laienniveau und ernsthafte Probenteilnahme aus. Jeden Tag wird 6-8 Stunden geprobt. Eine Aufnahmepr\u00fcfung gibt es nicht, potentielle Teilnehmer*innen sollten aber sicher Noten lesen, stimmerfahren sein und regelm\u00e4\u00dfig im Chor singen. Die Probensprache ist Englisch.<\/p>\n<h2>Wann und wo kann ich mich anmelden?<\/h2>\n<p>F\u00fcr deutschsprachige Teilnehmende (Deutschland, \u00d6sterreich, Schweiz, &#8230;) bitte dieses <a title=\"Anmeldung\" href=\"?page_id=269&amp;lang=de\">Anmeldeformular<\/a> ausf\u00fcllen und abschicken.<br \/>\nTeilnehmende aus anderen L\u00e4ndern wenden sich bitte an die Organisatoren in ihrem Land. Personen, die sich in der Organisationsstruktur nicht wiederfinden, k\u00f6nnen uns auch einfach <a title=\"Kontakt\" href=\"?page_id=8&amp;lang=de\">kontaktieren<\/a>, wir leiten das dann an die richtige Stelle weiter.<\/p>\n<h2>Welche Kosten muss ich einkalkulieren?<\/h2>\n<p>Die Teilnahmegeb\u00fchr an der Arbeitsphase betr\u00e4gt ca. 200 Euro. Zu zahlen ist der Betrag nach Best\u00e4tigung der Teilnahme. Die Teilnahmegeb\u00fchr enth\u00e4lt Verpflegung und Unterkunft w\u00e4hrend der Arbeitsphase. Die Reisekosten sind von den Teilnehmenden selbst zu tragen.<\/p>\n<h2>Bekomme ich die Noten bevor es losgeht?<\/h2>\n<p>Ja, und jeder Teilnehmende muss die St\u00fccke im Selbststudium vor der Arbeitsphase vorbereiten, so dass die T\u00f6ne zu Beginn der Arbeitsphase &#8222;sitzen&#8220;.\u00a0 In Mi\u0119dzyzdroje werden die Stimmen zusammengesetzt und am\u00a0 musikalischen Feinschliff gearbeitet.<\/p>\n<h2>Wo findet <em>in terra pax<\/em> statt?<\/h2>\n<p>Die Arbeitsphase von <em>in terra pax<\/em> findet jedes Jahr in Mi\u0119dzyzdroje auf der polnischen Insel Wollin, n\u00f6rdlich von Stettin statt. Wei\u00dfer Strand inklusive! Die Ostsee ist im Juni etwa 18 Grad warm \ud83d\ude00<\/p>\n<h2>Wie komme ich nach Mi\u0119dzyzdroje?<\/h2>\n<h3>1)\u00a0Mit der Bahn<\/h3>\n<p>Mit dem ICE nach Berlin, danach mit Regionalz\u00fcgen (\u00fcber Angerm\u00fcnde \/ Pasewalk und Stettin) nach Mi\u0119dzyzdroje. Meist fahren mehrere Teilnehmende mit dem Zug, so dass man sich am Berliner Hauptbahnhof treffen und gemeinsam weiterfahren kann.<\/p>\n<h3>2) Im eigenen Auto<\/h3>\n<p>Ab Berlin BAB 11 Richtung Stettin und \u00fcber die Grenze nach Polen, an Stettin vorbei, immer weiter Richtung Swinem\u00fcnde. Auf der Halbinsel Wolin ab der Stadt Wolin der Stra\u00dfe weiter folgen. Nach 15 km im Wald rechts abbiegen nach Mi\u0119dzyzdroje.<\/p>\n<h3>3) Im fremden Auto<\/h3>\n<p>Haben wir die Anmeldungen zusammen, schlagen wir Fahrgemeinschaften vor, um die Fahrt allen m\u00f6glichst \u00f6konomisch zu gestalten.<\/p>\n<h2>Wo sind wir untergebracht?<\/h2>\n<p>Im Hotel &#8222;Sporting&#8220; in Mi\u0119dzyzdroje.<\/p>\n<h2>Was muss ich mitbringen?<\/h2>\n<ul>\n<li>deine pers\u00f6nlichen Sachen f\u00fcr eine Woche (die Tage sind meist warm, die N\u00e4chte k\u00fchl)<\/li>\n<li>Bleistift f\u00fcr die Proben<\/li>\n<li>Wasserflasche<\/li>\n<li>Kaffeetasse, um Einwegbecher zu vermeiden<\/li>\n<li>Halspastillen<\/li>\n<li>Badesachen und Strandtuch<\/li>\n<li>Elegante schwarze Konzertkleidung (Herren: Anzug und wei\u00dfes Hemd)<\/li>\n<\/ul>\n<h2>Was brauche ich nicht?<\/h2>\n<ul>\n<li>Bettw\u00e4sche und Handt\u00fccher<\/li>\n<li>Notenmappe f\u00fcr die Konzerte<\/li>\n<\/ul>\n<h2>Ich habe dieses Jahr leider keine Zeit, aber vielleicht n\u00e4chstes Jahr&#8230;<\/h2>\n<p>Nimm <a title=\"Kontakt\" href=\"?page_id=8&amp;lang=de\">Kontakt<\/a> zu uns auf, wir setzen dich dann auf unsere Liste und du bekommst von uns eine Einladung zur n\u00e4chsten Edition von <em>in terra pax<\/em>.<\/p>\n<h2>Wie spricht man Mi\u0119dzyzdroje eigentlich aus?<\/h2>\n<p>[Mi-jen-sis-dreu-e]<\/p>\n<h2>Soll ich wirklich alleine kommen?<\/h2>\n<p>Gerne! Wir freuen uns \u00fcber neue Mitglieder und es bleibt wirklich niemand allein. Oder du schnappst dir einen (zwei, drei, &#8230;) Mitsingende aus deinem Heimatchor und ihr kommt gemeinsam.<\/p>\n<h2>Ich habe immer noch Fragen&#8230;<\/h2>\n<p>Schreib uns einfach, wir freuen uns auf deine Nachricht!<\/p>\n","protected":false},"excerpt":{"rendered":"<p>Frequently Asked Questions Wie werde ich Mitglied bei in terra pax? F\u00fcll einfach das Anmeldeformular aus oder nehmt direkt Kontakt zu uns auf. Wer sind die anderen Mitglieder? Etwa 50 S\u00e4nger*innen aus ganz Europa: Ambitionierte Amateur*innen, Musikstudierende und Profimusiker*innen. Wie &hellip; <a href=\"http:\/\/www.interrapax.org\/de\/mitmachen\/faq\/\">Continue reading <span class=\"meta-nav\">&rarr;<\/span><\/a><\/p>\n","protected":false},"author":2,"featured_media":0,"parent":241,"menu_order":0,"comment_status":"closed","ping_status":"open","template":"","meta":{"footnotes":""},"class_list":["post-1270","page","type-page","status-publish","hentry"],"_links":{"self":[{"href":"http:\/\/www.interrapax.org\/de\/wp-json\/wp\/v2\/pages\/1270","targetHints":{"allow":["GET"]}}],"collection":[{"href":"http:\/\/www.interrapax.org\/de\/wp-json\/wp\/v2\/pages"}],"about":[{"href":"http:\/\/www.interrapax.org\/de\/wp-json\/wp\/v2\/types\/page"}],"author":[{"embeddable":true,"href":"http:\/\/www.interrapax.org\/de\/wp-json\/wp\/v2\/users\/2"}],"replies":[{"embeddable":true,"href":"http:\/\/www.interrapax.org\/de\/wp-json\/wp\/v2\/comments?post=1270"}],"version-history":[{"count":13,"href":"http:\/\/www.interrapax.org\/de\/wp-json\/wp\/v2\/pages\/1270\/revisions"}],"predecessor-version":[{"id":2774,"href":"http:\/\/www.interrapax.org\/de\/wp-json\/wp\/v2\/pages\/1270\/revisions\/2774"}],"up":[{"embeddable":true,"href":"http:\/\/www.interrapax.org\/de\/wp-json\/wp\/v2\/pages\/241"}],"wp:attachment":[{"href":"http:\/\/www.interrapax.org\/de\/wp-json\/wp\/v2\/media?parent=1270"}],"curies":[{"name":"wp","href":"https:\/\/api.w.org\/{rel}","templated":true}]}}